{"id":83,"date":"2018-12-04T17:57:07","date_gmt":"2018-12-04T17:57:07","guid":{"rendered":"http:\/\/lab.lerncoach-amberg.com\/?page_id=83"},"modified":"2022-08-15T13:58:26","modified_gmt":"2022-08-15T13:58:26","slug":"fuer-schulen","status":"publish","type":"page","link":"https:\/\/lerncoach-amberg.com\/?page_id=83","title":{"rendered":"F\u00fcr Schulen"},"content":{"rendered":"\n<p style=\"background-color:#7de653;color:#71787b\" class=\"has-text-color has-background has-medium-font-size\"><strong>Lerncoach \/ Dyskalkulietherapeuten an Ihrer Schule<\/strong><\/p>\n\n\n\n<p>Gerne unterst\u00fctze ich Sch\u00fcler in Ihrer Schule. ADHS, LRS und Rechenst\u00f6rung, aber auch Motivationsschwierigkeiten k\u00f6nnen gemeinsam gezielter verbessert werden.<\/p>\n\n\n\n<p>Dies ist als Projekt in kleinen Gruppen oder als individuelle F\u00f6rderung denkbar. Gute Erfahrungen habe ich mit Gruppen von 4 Sch\u00fclern mit \u00e4hnlichem F\u00f6rderbedarf.<\/p>\n\n\n\n<p>Lassen Sie uns gemeinsam wertsch\u00e4tzend auf Kinder schauern und individuell f\u00f6rdern.<\/p>\n\n\n\n<p>Ich biete Schulen spezielle Unterst\u00fctzung mit Projekte in den  Bereichen Lehrerfortbildung, Fortbildung der Ganztagskr\u00e4fte ihres Bildungsanbieters. \u00dcber den Elternbeirat k\u00f6nnen Vortr\u00e4ge zu Themen wie: &#8222;Hausaufgaben und Selbstkonzept&#8220;, &#8222;Erkennen von Lernproblemen&#8220; angefragt werden.<br><br><strong>34 + 59 = 85<\/strong>&nbsp; Wie kommt ein Grundsch\u00fcler darauf?<br><br>Die genaue Beobachtung von Kindern und Jugendlichen, sowie der Informationsaustausch soll Fehlstrategien vermeiden und zum Erfolg mit gutem Selbstkonzept des Sch\u00fclers beitragen. <br><br><\/p>\n\n\n\n<p><strong>Hier ein Auszug aus einem Vortrag<\/strong><\/p>\n\n\n\n<p style=\"background-color:#9add56\" class=\"has-background has-text-align-center\"><strong>&#8222;Selbstmanagement und Hausaufgaben&#8220;<\/strong><\/p>\n\n\n\n<figure class=\"wp-block-image is-resized\"><img loading=\"lazy\" decoding=\"async\" src=\"https:\/\/lerncoach-amberg.com\/wp-content\/uploads\/2019\/03\/Hausaufgaben-und-Selbstkonzept.jpg\" alt=\"\" class=\"wp-image-733\" width=\"459\" height=\"344\" srcset=\"https:\/\/lerncoach-amberg.com\/wp-content\/uploads\/2019\/03\/Hausaufgaben-und-Selbstkonzept.jpg 960w, https:\/\/lerncoach-amberg.com\/wp-content\/uploads\/2019\/03\/Hausaufgaben-und-Selbstkonzept-300x225.jpg 300w, https:\/\/lerncoach-amberg.com\/wp-content\/uploads\/2019\/03\/Hausaufgaben-und-Selbstkonzept-768x576.jpg 768w\" sizes=\"auto, (max-width: 459px) 100vw, 459px\" \/><\/figure>\n\n\n\n<div class=\"wp-block-media-text alignwide\"><figure class=\"wp-block-media-text__media\"><img loading=\"lazy\" decoding=\"async\" width=\"960\" height=\"720\" src=\"https:\/\/lerncoach-amberg.com\/wp-content\/uploads\/2019\/03\/Lehrmaterial-bei-Lernschw\u00e4chen-nur-Skize.jpg\" alt=\"\" class=\"wp-image-741\" srcset=\"https:\/\/lerncoach-amberg.com\/wp-content\/uploads\/2019\/03\/Lehrmaterial-bei-Lernschw\u00e4chen-nur-Skize.jpg 960w, https:\/\/lerncoach-amberg.com\/wp-content\/uploads\/2019\/03\/Lehrmaterial-bei-Lernschw\u00e4chen-nur-Skize-300x225.jpg 300w, https:\/\/lerncoach-amberg.com\/wp-content\/uploads\/2019\/03\/Lehrmaterial-bei-Lernschw\u00e4chen-nur-Skize-768x576.jpg 768w\" sizes=\"auto, (max-width: 960px) 100vw, 960px\" \/><\/figure><div class=\"wp-block-media-text__content\">\n<p>Weitere V\u00f6rtr\u00e4ge:<\/p>\n\n\n\n<p>&#8222;Lernschwierigkeiten erkennen&#8220;<\/p>\n\n\n\n<p>&#8222;Fit in die Schule&#8220;<br><\/p>\n<\/div><\/div>\n\n\n\n<div style=\"height:10px\" aria-hidden=\"true\" class=\"wp-block-spacer\"><\/div>\n\n\n\n<p style=\"background-color:#91cf4f;color:#ffffff\" class=\"has-text-color has-background has-text-align-center\"><strong>KONTAKTIEREN SIE MICH F\u00dcR MEHR INFORMATIONEN.<\/strong><\/p>\n","protected":false},"excerpt":{"rendered":"<p>Lerncoach \/ Dyskalkulietherapeuten an Ihrer Schule Gerne unterst\u00fctze ich Sch\u00fcler in Ihrer Schule. ADHS, LRS und Rechenst\u00f6rung, aber auch Motivationsschwierigkeiten k\u00f6nnen gemeinsam gezielter verbessert werden. Dies ist als Projekt in kleinen Gruppen oder als individuelle F\u00f6rderung denkbar. Gute Erfahrungen habe ich mit Gruppen von 4 Sch\u00fclern mit \u00e4hnlichem F\u00f6rderbedarf. Lassen Sie uns gemeinsam wertsch\u00e4tzend auf &#8230; <a title=\"F\u00fcr Schulen\" class=\"read-more\" href=\"https:\/\/lerncoach-amberg.com\/?page_id=83\">weiterlesen<span class=\"screen-reader-text\">F\u00fcr Schulen<\/span><\/a><\/p>\n","protected":false},"author":1,"featured_media":0,"parent":0,"menu_order":0,"comment_status":"closed","ping_status":"closed","template":"","meta":{"footnotes":""},"class_list":["post-83","page","type-page","status-publish"],"_links":{"self":[{"href":"https:\/\/lerncoach-amberg.com\/index.php?rest_route=\/wp\/v2\/pages\/83","targetHints":{"allow":["GET"]}}],"collection":[{"href":"https:\/\/lerncoach-amberg.com\/index.php?rest_route=\/wp\/v2\/pages"}],"about":[{"href":"https:\/\/lerncoach-amberg.com\/index.php?rest_route=\/wp\/v2\/types\/page"}],"author":[{"embeddable":true,"href":"https:\/\/lerncoach-amberg.com\/index.php?rest_route=\/wp\/v2\/users\/1"}],"replies":[{"embeddable":true,"href":"https:\/\/lerncoach-amberg.com\/index.php?rest_route=%2Fwp%2Fv2%2Fcomments&post=83"}],"version-history":[{"count":12,"href":"https:\/\/lerncoach-amberg.com\/index.php?rest_route=\/wp\/v2\/pages\/83\/revisions"}],"predecessor-version":[{"id":1005,"href":"https:\/\/lerncoach-amberg.com\/index.php?rest_route=\/wp\/v2\/pages\/83\/revisions\/1005"}],"wp:attachment":[{"href":"https:\/\/lerncoach-amberg.com\/index.php?rest_route=%2Fwp%2Fv2%2Fmedia&parent=83"}],"curies":[{"name":"wp","href":"https:\/\/api.w.org\/{rel}","templated":true}]}}